{"id":2073,"date":"2014-09-05T10:33:13","date_gmt":"2014-09-05T09:33:13","guid":{"rendered":"http:\/\/www.deltaturistic.com\/?post_type=product&#038;p=2073"},"modified":"2021-05-02T22:23:17","modified_gmt":"2021-05-02T21:23:17","slug":"programa-escolars-2-3-dies","status":"publish","type":"product","link":"https:\/\/deltaturistic.com\/en\/paquets-turistics\/programa-escolars-2-3-dies\/","title":{"rendered":"Programa Escolars 02 \/ 3 dies"},"content":{"rendered":"<p>Programa dissenyat per a passar dos dies complerts per les Terres de l\u2019Ebre, per aquells que ja tenen m\u00e9s inquietuds i volen realitzar diferents activitats que ens faran con\u00e8ixer encara m\u00e9s el paratge on estem.<\/p>\n<p>Activitats de tot tipus, des de rutes en BTT, tallers diversos fins creuers pel riu Ebre.<\/p>\n<p>Una forma de gaudir de varis dies per les Terres de l\u2019Ebre.<\/p>\n<p><strong>1r DIA: VISITA GUIADA BTT<\/strong><br \/>\nArribada a l&#8217;allotjament i presentaci\u00f3 del monitor:<br \/>\nACOMODACI\u00d3 del grup.<br \/>\nDinar.<br \/>\nVisita guiada amb BTT pel Parc.<br \/>\nSOPAR. JOCS O DISCOTECA: A concretar amb els<br \/>\nProfessors.<\/p>\n<p><strong>2n DIA: PADDLE\u00a0SURF i SENDERISME<\/strong><br \/>\nCurs Iniciaci\u00f3 padle surf<br \/>\nDINAR.<br \/>\nsenderisme<br \/>\nSOPAR. JOCS O DISCOTECA: A concretar amb els<br \/>\nprofessors.<\/p>\n<p><strong>3r DIA: KAYAK<\/strong><br \/>\nESMORZAR.<br \/>\nKAYAK pel riu Ebre<br \/>\nFI de la visita i acomiadament del grup.<\/p>\n<p><a href=\"http:\/\/www.deltaturistic.com\/wp-content\/uploads\/2014\/09\/1370430034295.jpg\"><img loading=\"lazy\" decoding=\"async\" class=\"alignnone size-medium wp-image-2053\" src=\"http:\/\/www.deltaturistic.com\/wp-content\/uploads\/2014\/09\/1370430034295-300x240.jpg\" alt=\"1370430034295\" width=\"300\" height=\"240\" srcset=\"https:\/\/deltaturistic.com\/wp-content\/uploads\/2014\/09\/1370430034295-300x240.jpg 300w, https:\/\/deltaturistic.com\/wp-content\/uploads\/2014\/09\/1370430034295.jpg 320w\" sizes=\"auto, (max-width: 300px) 100vw, 300px\" \/><\/a> <a href=\"http:\/\/www.deltaturistic.com\/wp-content\/uploads\/2014\/09\/1370424005901.jpg\"><img loading=\"lazy\" decoding=\"async\" class=\"alignnone size-medium wp-image-2043\" src=\"http:\/\/www.deltaturistic.com\/wp-content\/uploads\/2014\/09\/1370424005901-300x240.jpg\" alt=\"1370424005901\" width=\"300\" height=\"240\" srcset=\"https:\/\/deltaturistic.com\/wp-content\/uploads\/2014\/09\/1370424005901-300x240.jpg 300w, https:\/\/deltaturistic.com\/wp-content\/uploads\/2014\/09\/1370424005901.jpg 320w\" sizes=\"auto, (max-width: 300px) 100vw, 300px\" \/><\/a> <a href=\"http:\/\/www.deltaturistic.com\/wp-content\/uploads\/2014\/07\/CANOA2.jpg\"><img loading=\"lazy\" decoding=\"async\" class=\"alignnone size-medium wp-image-648\" src=\"http:\/\/www.deltaturistic.com\/wp-content\/uploads\/2014\/07\/CANOA2-300x225.jpg\" alt=\"Kayak al delta de l'Ebre\" width=\"300\" height=\"225\" srcset=\"https:\/\/deltaturistic.com\/wp-content\/uploads\/2014\/07\/CANOA2-300x225.jpg 300w, https:\/\/deltaturistic.com\/wp-content\/uploads\/2014\/07\/CANOA2-600x450.jpg 600w, https:\/\/deltaturistic.com\/wp-content\/uploads\/2014\/07\/CANOA2-100x75.jpg 100w, https:\/\/deltaturistic.com\/wp-content\/uploads\/2014\/07\/CANOA2.jpg 1024w\" sizes=\"auto, (max-width: 300px) 100vw, 300px\" \/><\/a> <a href=\"http:\/\/www.deltaturistic.com\/wp-content\/uploads\/2014\/07\/51236500_4120008.jpg\"><img loading=\"lazy\" decoding=\"async\" class=\"alignnone size-medium wp-image-605\" src=\"http:\/\/www.deltaturistic.com\/wp-content\/uploads\/2014\/07\/51236500_4120008-300x224.jpg\" alt=\"P\u00e0del surf al delta de l'Ebre\" width=\"300\" height=\"224\" srcset=\"https:\/\/deltaturistic.com\/wp-content\/uploads\/2014\/07\/51236500_4120008-300x225.jpg 300w, https:\/\/deltaturistic.com\/wp-content\/uploads\/2014\/07\/51236500_4120008-600x449.jpg 600w, https:\/\/deltaturistic.com\/wp-content\/uploads\/2014\/07\/51236500_4120008-100x75.jpg 100w, https:\/\/deltaturistic.com\/wp-content\/uploads\/2014\/07\/51236500_4120008.jpg 650w\" sizes=\"auto, (max-width: 300px) 100vw, 300px\" \/><\/a><\/p>\n","protected":false},"excerpt":{"rendered":"<p>Programa dissenyat per a passar dos dies complerts per les Terres de l\u2019Ebre, per aquells que ja tenen m\u00e9s inquietuds i volen realitzar diferents activitats que ens faran con\u00e8ixer encara m\u00e9s el paratge on estem. Activitats de tot tipus, des de rutes en BTT, tallers diversos fins creuers pel riu Ebre. Una forma de gaudir [&hellip;]<\/p>\n","protected":false},"featured_media":512,"template":"","meta":[],"product_brand":[],"product_cat":[13,18],"product_tag":[],"class_list":{"0":"post-2073","1":"product","2":"type-product","3":"status-publish","4":"has-post-thumbnail","6":"product_cat-escolars-delta-del-ebre","7":"product_cat-escolars-3-dies","9":"first","10":"instock","11":"shipping-taxable","12":"product-type-simple"},"yoast_head":"<!-- This site is optimized with the Yoast SEO plugin v27.1.1 - https:\/\/yoast.com\/product\/yoast-seo-wordpress\/ -->\n<title>Programa Escolars 02 \/ 3 dies - Deltaturistic turisme, excursions i esports d&#039;aventura al delta de l&#039;Ebre<\/title>\n<meta name=\"robots\" content=\"index, follow, max-snippet:-1, max-image-preview:large, max-video-preview:-1\" \/>\n<link rel=\"canonical\" href=\"https:\/\/deltaturistic.com\/en\/paquets-turistics\/programa-escolars-2-3-dies\/\" \/>\n<meta name=\"twitter:label1\" content=\"Est. reading time\" \/>\n\t<meta name=\"twitter:data1\" content=\"1 minute\" \/>\n<script type=\"application\/ld+json\" class=\"yoast-schema-graph\">{\"@context\":\"https:\/\/schema.org\",\"@graph\":[{\"@type\":\"WebPage\",\"@id\":\"https:\/\/deltaturistic.com\/en\/paquets-turistics\/programa-escolars-2-3-dies\/\",\"url\":\"https:\/\/deltaturistic.com\/en\/paquets-turistics\/programa-escolars-2-3-dies\/\",\"name\":\"Programa Escolars 02 \/ 3 dies - Deltaturistic turisme, excursions i esports d&#039;aventura al delta de l&#039;Ebre\",\"isPartOf\":{\"@id\":\"https:\/\/deltaturistic.com\/en\/#website\"},\"primaryImageOfPage\":{\"@id\":\"https:\/\/deltaturistic.com\/en\/paquets-turistics\/programa-escolars-2-3-dies\/#primaryimage\"},\"image\":{\"@id\":\"https:\/\/deltaturistic.com\/en\/paquets-turistics\/programa-escolars-2-3-dies\/#primaryimage\"},\"thumbnailUrl\":\"https:\/\/deltaturistic.com\/wp-content\/uploads\/2014\/05\/1371637455444.jpg\",\"datePublished\":\"2014-09-05T09:33:13+00:00\",\"dateModified\":\"2021-05-02T21:23:17+00:00\",\"breadcrumb\":{\"@id\":\"https:\/\/deltaturistic.com\/en\/paquets-turistics\/programa-escolars-2-3-dies\/#breadcrumb\"},\"inLanguage\":\"en-US\",\"potentialAction\":[{\"@type\":\"ReadAction\",\"target\":[\"https:\/\/deltaturistic.com\/en\/paquets-turistics\/programa-escolars-2-3-dies\/\"]}]},{\"@type\":\"ImageObject\",\"inLanguage\":\"en-US\",\"@id\":\"https:\/\/deltaturistic.com\/en\/paquets-turistics\/programa-escolars-2-3-dies\/#primaryimage\",\"url\":\"https:\/\/deltaturistic.com\/wp-content\/uploads\/2014\/05\/1371637455444.jpg\",\"contentUrl\":\"https:\/\/deltaturistic.com\/wp-content\/uploads\/2014\/05\/1371637455444.jpg\",\"width\":320,\"height\":256},{\"@type\":\"BreadcrumbList\",\"@id\":\"https:\/\/deltaturistic.com\/en\/paquets-turistics\/programa-escolars-2-3-dies\/#breadcrumb\",\"itemListElement\":[{\"@type\":\"ListItem\",\"position\":1,\"name\":\"Inici\",\"item\":\"https:\/\/deltaturistic.com\/en\/\"},{\"@type\":\"ListItem\",\"position\":2,\"name\":\"Productes tur\u00edstics\",\"item\":\"https:\/\/deltaturistic.com\/paquets-turistics\/\"},{\"@type\":\"ListItem\",\"position\":3,\"name\":\"Programa Escolars 02 \/ 3 dies\"}]},{\"@type\":\"WebSite\",\"@id\":\"https:\/\/deltaturistic.com\/en\/#website\",\"url\":\"https:\/\/deltaturistic.com\/en\/\",\"name\":\"Deltaturistic turisme, excursions i esports d&#039;aventura al delta de l&#039;Ebre\",\"description\":\"Ag\u00e8ncia de Viatges Deltaturistic\",\"potentialAction\":[{\"@type\":\"SearchAction\",\"target\":{\"@type\":\"EntryPoint\",\"urlTemplate\":\"https:\/\/deltaturistic.com\/en\/?s={search_term_string}\"},\"query-input\":{\"@type\":\"PropertyValueSpecification\",\"valueRequired\":true,\"valueName\":\"search_term_string\"}}],\"inLanguage\":\"en-US\"}]}<\/script>\n<!-- \/ Yoast SEO plugin. -->","yoast_head_json":{"title":"Programa Escolars 02 \/ 3 dies - Deltaturistic turisme, excursions i esports d&#039;aventura al delta de l&#039;Ebre","robots":{"index":"index","follow":"follow","max-snippet":"max-snippet:-1","max-image-preview":"max-image-preview:large","max-video-preview":"max-video-preview:-1"},"canonical":"https:\/\/deltaturistic.com\/en\/paquets-turistics\/programa-escolars-2-3-dies\/","twitter_misc":{"Est. reading time":"1 minute"},"schema":{"@context":"https:\/\/schema.org","@graph":[{"@type":"WebPage","@id":"https:\/\/deltaturistic.com\/en\/paquets-turistics\/programa-escolars-2-3-dies\/","url":"https:\/\/deltaturistic.com\/en\/paquets-turistics\/programa-escolars-2-3-dies\/","name":"Programa Escolars 02 \/ 3 dies - Deltaturistic turisme, excursions i esports d&#039;aventura al delta de l&#039;Ebre","isPartOf":{"@id":"https:\/\/deltaturistic.com\/en\/#website"},"primaryImageOfPage":{"@id":"https:\/\/deltaturistic.com\/en\/paquets-turistics\/programa-escolars-2-3-dies\/#primaryimage"},"image":{"@id":"https:\/\/deltaturistic.com\/en\/paquets-turistics\/programa-escolars-2-3-dies\/#primaryimage"},"thumbnailUrl":"https:\/\/deltaturistic.com\/wp-content\/uploads\/2014\/05\/1371637455444.jpg","datePublished":"2014-09-05T09:33:13+00:00","dateModified":"2021-05-02T21:23:17+00:00","breadcrumb":{"@id":"https:\/\/deltaturistic.com\/en\/paquets-turistics\/programa-escolars-2-3-dies\/#breadcrumb"},"inLanguage":"en-US","potentialAction":[{"@type":"ReadAction","target":["https:\/\/deltaturistic.com\/en\/paquets-turistics\/programa-escolars-2-3-dies\/"]}]},{"@type":"ImageObject","inLanguage":"en-US","@id":"https:\/\/deltaturistic.com\/en\/paquets-turistics\/programa-escolars-2-3-dies\/#primaryimage","url":"https:\/\/deltaturistic.com\/wp-content\/uploads\/2014\/05\/1371637455444.jpg","contentUrl":"https:\/\/deltaturistic.com\/wp-content\/uploads\/2014\/05\/1371637455444.jpg","width":320,"height":256},{"@type":"BreadcrumbList","@id":"https:\/\/deltaturistic.com\/en\/paquets-turistics\/programa-escolars-2-3-dies\/#breadcrumb","itemListElement":[{"@type":"ListItem","position":1,"name":"Inici","item":"https:\/\/deltaturistic.com\/en\/"},{"@type":"ListItem","position":2,"name":"Productes tur\u00edstics","item":"https:\/\/deltaturistic.com\/paquets-turistics\/"},{"@type":"ListItem","position":3,"name":"Programa Escolars 02 \/ 3 dies"}]},{"@type":"WebSite","@id":"https:\/\/deltaturistic.com\/en\/#website","url":"https:\/\/deltaturistic.com\/en\/","name":"Deltaturistic turisme, excursions i esports d&#039;aventura al delta de l&#039;Ebre","description":"Ag\u00e8ncia de Viatges Deltaturistic","potentialAction":[{"@type":"SearchAction","target":{"@type":"EntryPoint","urlTemplate":"https:\/\/deltaturistic.com\/en\/?s={search_term_string}"},"query-input":{"@type":"PropertyValueSpecification","valueRequired":true,"valueName":"search_term_string"}}],"inLanguage":"en-US"}]}},"_links":{"self":[{"href":"https:\/\/deltaturistic.com\/en\/wp-json\/wp\/v2\/product\/2073","targetHints":{"allow":["GET"]}}],"collection":[{"href":"https:\/\/deltaturistic.com\/en\/wp-json\/wp\/v2\/product"}],"about":[{"href":"https:\/\/deltaturistic.com\/en\/wp-json\/wp\/v2\/types\/product"}],"wp:featuredmedia":[{"embeddable":true,"href":"https:\/\/deltaturistic.com\/en\/wp-json\/wp\/v2\/media\/512"}],"wp:attachment":[{"href":"https:\/\/deltaturistic.com\/en\/wp-json\/wp\/v2\/media?parent=2073"}],"wp:term":[{"taxonomy":"product_brand","embeddable":true,"href":"https:\/\/deltaturistic.com\/en\/wp-json\/wp\/v2\/product_brand?post=2073"},{"taxonomy":"product_cat","embeddable":true,"href":"https:\/\/deltaturistic.com\/en\/wp-json\/wp\/v2\/product_cat?post=2073"},{"taxonomy":"product_tag","embeddable":true,"href":"https:\/\/deltaturistic.com\/en\/wp-json\/wp\/v2\/product_tag?post=2073"}],"curies":[{"name":"wp","href":"https:\/\/api.w.org\/{rel}","templated":true}]}}